{"id":1912,"date":"2022-02-20T13:41:00","date_gmt":"2022-02-20T11:41:00","guid":{"rendered":"https:\/\/www.federn-weigel.de\/project\/certifications\/"},"modified":"2026-01-27T13:13:54","modified_gmt":"2026-01-27T11:13:54","slug":"certifications","status":"publish","type":"project","link":"https:\/\/www.federn-weigel.de\/en\/project\/certifications\/","title":{"rendered":"Certifications"},"content":{"rendered":"<p>[et_pb_section fb_built=&#8221;1&#8243; _builder_version=&#8221;4.16&#8243; _module_preset=&#8221;default&#8221; background_color=&#8221;RGBA(0,0,0,0)&#8221; global_colors_info=&#8221;{}&#8221;][et_pb_row _builder_version=&#8221;4.27.4&#8243; _module_preset=&#8221;default&#8221; hover_enabled=&#8221;0&#8243; global_colors_info=&#8221;{}&#8221; sticky_enabled=&#8221;0&#8243;][et_pb_column type=&#8221;4_4&#8243; _builder_version=&#8221;4.16&#8243; _module_preset=&#8221;default&#8221; global_colors_info=&#8221;{}&#8221;][et_pb_text content_tablet=&#8221;<\/p>\n<h1>Environmental certification according to ISO 14001:2015<\/h1>\n<p>In July 2020, we received ISO 14001:2015 certification for our environmental management system. Protecting the environment is a particularly high priority for us in the production of technical springs.<\/p>\n<p>In July, we received ISO 14001:2015 certification for our environmental management system.<\/p>\n<p>Protecting the environment is a particularly high priority for us in the production of technical springs. We work according to the specifications of the ISO standard with the following focus:<\/p>\n<ul>\n<li>We produce technical springs economically and ecologically. All employees think and act in an environmentally conscious manner.<\/li>\n<li>We take all technically possible measures to keep the environmental impact of our spring production as low as possible.<\/li>\n<li>We pay attention to environmentally conscious purchasing of materials, operating materials and all materials necessary for spring production.<\/li>\n<li>We store and dispose of all materials and auxiliary materials professionally and tested.<\/li>\n<li>We pay attention to order and safety at all workplaces as well as in the execution of all activities and adhere to the specifications of our production processes.<\/li>\n<\/ul>\n<p>If you have any questions about this, we will be happy to answer them.<\/p>\n<p>&#8221; content_phone=&#8221;<\/p>\n<h1>Environmental certification according to ISO 14001:2015<\/h1>\n<p>In July 2020, we received ISO 14001:2015 certification for our environmental management system. Protecting the environment is a particularly high priority for us in the production of technical springs.<\/p>\n<p>In July, we received ISO 14001:2015 certification for our environmental management system.<\/p>\n<p>Protecting the environment is a particularly high priority for us in the production of technical springs. We work according to the specifications of the ISO standard with the following focus:<\/p>\n<ul>\n<li>We produce technical springs economically and ecologically. All employees think and act in an environmentally conscious manner.<\/li>\n<li>We take all technically possible measures to keep the environmental impact of our spring production as low as possible.<\/li>\n<li>We pay attention to environmentally conscious purchasing of materials, operating materials and all materials necessary for spring production.<\/li>\n<li>We store and dispose of all materials and auxiliary materials professionally and tested.<\/li>\n<li>We pay attention to order and safety at all workplaces as well as in the execution of all activities and adhere to the specifications of our production processes.<\/li>\n<\/ul>\n<p>If you have any questions about this, we will be happy to answer them.<\/p>\n<p>&#8221; content_last_edited=&#8221;on|phone&#8221; _builder_version=&#8221;4.16&#8243; _module_preset=&#8221;default&#8221; global_colors_info=&#8221;{}&#8221;]<\/p>\n<h1>Certified spring manufacturer<\/h1>\n<p>Quality and environmental protection are a strong focus in spring production at the Alfred Weigel Federnfabrik. The third value, spring production according to your individual specifications and wishes, cannot be proven with a certificate. <a href=\"https:\/\/www.federn-weigel.de\/en\/contact-old\/\">Ask us<\/a> if you need a special technical spring. Our experienced team develops individual technical springs with you and for you.<\/p>\n<p>[\/et_pb_text][et_pb_text content_tablet=&#8221;<\/p>\n<h1>Environmental certification according to ISO 14001:2015<\/h1>\n<p>In July 2020, we received ISO 14001:2015 certification for our environmental management system. Protecting the environment is a particularly high priority for us in the production of technical springs.<\/p>\n<p>In July, we received ISO 14001:2015 certification for our environmental management system.<\/p>\n<p>Protecting the environment is a particularly high priority for us in the production of technical springs. We work according to the specifications of the ISO standard with the following focus:<\/p>\n<ul>\n<li>We produce technical springs economically and ecologically. All employees think and act in an environmentally conscious manner.<\/li>\n<li>We take all technically possible measures to keep the environmental impact of our spring production as low as possible.<\/li>\n<li>We pay attention to environmentally conscious purchasing of materials, operating materials and all materials necessary for spring production.<\/li>\n<li>We store and dispose of all materials and auxiliary materials professionally and tested.<\/li>\n<li>We pay attention to order and safety at all workplaces as well as in the execution of all activities and adhere to the specifications of our production processes.<\/li>\n<\/ul>\n<p>If you have any questions about this, we will be happy to answer them.<\/p>\n<p>&#8221; content_phone=&#8221;<\/p>\n<h1>Environmental certification according to ISO 14001:2015<\/h1>\n<p>In July 2020, we received ISO 14001:2015 certification for our environmental management system. Protecting the environment is a particularly high priority for us in the production of technical springs.<\/p>\n<p>In July, we received ISO 14001:2015 certification for our environmental management system.<\/p>\n<p>Protecting the environment is a particularly high priority for us in the production of technical springs. We work according to the specifications of the ISO standard with the following focus:<\/p>\n<ul>\n<li>We produce technical springs economically and ecologically. All employees think and act in an environmentally conscious manner.<\/li>\n<li>We take all technically possible measures to keep the environmental impact of our spring production as low as possible.<\/li>\n<li>We pay attention to environmentally conscious purchasing of materials, operating materials and all materials necessary for spring production.<\/li>\n<li>We store and dispose of all materials and auxiliary materials professionally and tested.<\/li>\n<li>We pay attention to order and safety at all workplaces as well as in the execution of all activities and adhere to the specifications of our production processes.<\/li>\n<\/ul>\n<p>If you have any questions about this, we will be happy to answer them.<\/p>\n<p>&#8221; content_last_edited=&#8221;on|phone&#8221; _builder_version=&#8221;4.16&#8243; _module_preset=&#8221;default&#8221; global_colors_info=&#8221;{}&#8221;]<\/p>\n<h2>Environmental certification according to ISO 14001:2015<\/h2>\n<p>In July 2020, we received ISO 14001:2015 certification for our environmental management system. Protecting the environment is a particularly high priority for us in the production of technical springs.<\/p>\n<p>We work according to the specifications of the ISO standard with the following focus:<\/p>\n<ul>\n<li>We produce technical springs economically and ecologically. All employees think and act in an environmentally conscious manner.<\/li>\n<li>We take all technically possible measures to keep the environmental impact of our spring production as low as possible.<\/li>\n<li>We pay attention to environmentally conscious purchasing of materials, operating materials and all materials necessary for spring production.<\/li>\n<li>We store and dispose of all materials and auxiliary materials professionally and tested.<\/li>\n<li>We pay attention to order and safety at all workplaces as well as in the execution of all activities and adhere to the specifications of our production processes.<\/li>\n<\/ul>\n<p>If you have any questions about this, we will be happy to answer them.[\/et_pb_text][et_pb_divider _builder_version=&#8221;4.16&#8243; _module_preset=&#8221;default&#8221; global_colors_info=&#8221;{}&#8221;][\/et_pb_divider][et_pb_text content_tablet=&#8221;<\/p>\n<h1 style=%22font-weight: inherit;%22>ISO 14001:2015: Environmental management system<\/h1>\n<p style=%22font-weight: 400;%22>The certification body of T\u00dcV S\u00dcD Management Service GmbH certifies that the company Alfred Weigel Federnfabrik GmbH &amp; Co. KG is certified for the production and distribution of<span> <\/span><b><br \/>\n  <strong>technical precision springs made of round and flat material<\/strong><br \/>\n<\/b><span> <\/span>has introduced and applies an environmental management system.<\/p>\n<p style=%22font-weight: 400;%22><span style=%22font-weight: inherit; font-style: inherit;%22>This certificate is valid from 20.07.2020 to 19.07.2023.<\/span><\/p>\n<ul style=%22font-weight: 400;%22>\n<li style=%22font-weight: inherit; font-style: inherit;%22><a href=%22\/wp-content\/uploads\/2022\/02\/ISO_14001-2015_de.pdf%22 style=%22font-weight: inherit; font-style: inherit;%22 data-et-target-link=%22_blank%22 rel=%22noopener%22>T\u00dcV Certificate DIN EN ISO 14001-2015 (DE) &gt;&gt;<\/a><\/li>\n<li style=%22font-weight: inherit; font-style: inherit;%22><a href=%22\/wp-content\/uploads\/2022\/02\/ISO_14001-2015_en.pdf%22 style=%22font-weight: inherit; font-style: inherit;%22 data-et-target-link=%22_blank%22 rel=%22noopener%22>T\u00dcV Certificat DIN EN ISO 14001-2015 (EN) &gt;&gt;<\/a><\/li>\n<\/ul>\n<p>&#8221; content_phone=&#8221;<\/p>\n<h1 style=%22font-weight: inherit;%22>ISO 14001:2015: Environmental management system<\/h1>\n<p style=%22font-weight: 400;%22>The certification body of T\u00dcV S\u00dcD Management Service GmbH certifies that the company Alfred Weigel Federnfabrik GmbH &amp; Co. KG is certified for the production and distribution of<span> <\/span><b><br \/>\n  <strong>technical precision springs made of round and flat material<\/strong><br \/>\n<\/b><span> <\/span>has introduced and applies an environmental management system.<\/p>\n<p style=%22font-weight: 400;%22><span style=%22font-weight: inherit; font-style: inherit;%22>This certificate is valid from 20.07.2020 to 19.07.2023.<\/span><\/p>\n<ul style=%22font-weight: 400;%22>\n<li style=%22font-weight: inherit; font-style: inherit;%22><a href=%22\/wp-content\/uploads\/2022\/02\/ISO_14001-2015_de.pdf%22 style=%22font-weight: inherit; font-style: inherit;%22 data-et-target-link=%22_blank%22 rel=%22noopener%22>T\u00dcV Certificate DIN EN ISO 14001-2015 (DE) &gt;&gt;<\/a><\/li>\n<li style=%22font-weight: inherit; font-style: inherit;%22><a href=%22\/wp-content\/uploads\/2022\/02\/ISO_14001-2015_en.pdf%22 style=%22font-weight: inherit; font-style: inherit;%22 data-et-target-link=%22_blank%22 rel=%22noopener%22>T\u00dcV Certificat DIN EN ISO 14001-2015 (EN) &gt;&gt;<\/a><\/li>\n<\/ul>\n<p>&#8221; content_last_edited=&#8221;on|phone&#8221; _builder_version=&#8221;4.27.4&#8243; _module_preset=&#8221;default&#8221; ul_line_height=&#8221;1.7em&#8221; hover_enabled=&#8221;0&#8243; global_colors_info=&#8221;{}&#8221; sticky_enabled=&#8221;0&#8243;]<\/p>\n<h2 style=\"font-weight: inherit;\">ISO 14001:2015: Environmental management system<\/h2>\n<p style=\"font-weight: 400;\">The certification body of T\u00dcV S\u00dcD Management Service GmbH certifies that the company Alfred Weigel Federnfabrik GmbH &amp; Co. KG is certified for the production and distribution of<span> <\/span><b><br \/>\n  <strong>technical precision springs made of round and flat material<\/strong><br \/>\n<\/b><span> <\/span>has introduced and applies an environmental management system.<\/p>\n<p style=\"font-weight: 400;\"><span style=\"font-weight: inherit; font-style: inherit;\">This certificate is valid from 20\/07\/2023 to 19\/07\/2026.<\/span><\/p>\n<ul style=\"font-weight: 400;\">\n<li style=\"font-weight: inherit; font-style: inherit;\"><a href=\"https:\/\/www.federn-weigel.de\/wp-content\/uploads\/2023\/07\/Zertifikat-ISO-14001-2015-bis-2026-_de.pdf\" style=\"font-weight: inherit; font-style: inherit;\" target=\"_blank\" rel=\"noopener\">T\u00dcV Certificate DIN EN ISO 14001-2015 (DE)  &gt;&gt;<\/a><\/li>\n<li style=\"font-weight: inherit; font-style: inherit;\"><a href=\"https:\/\/www.federn-weigel.de\/wp-content\/uploads\/2023\/07\/Zertifikat-ISO-14001-2015-bis-2026-_en.pdf\" style=\"font-weight: inherit; font-style: inherit;\" target=\"_blank\" rel=\"noopener\">T\u00dcV Certificat DIN EN ISO 14001-2015 (EN)  &gt;&gt;<\/a><\/li>\n<\/ul>\n<p>[\/et_pb_text][et_pb_divider _builder_version=&#8221;4.16&#8243; _module_preset=&#8221;default&#8221; global_colors_info=&#8221;{}&#8221;][\/et_pb_divider][et_pb_text content_tablet=&#8221;<\/p>\n<h1 style=%22font-weight: inherit;%22>ISO 9001:2015: Quality management system<\/h1>\n<p style=%22font-weight: 400;%22>The certification body of T\u00dcV S\u00dcD Management Service GmbH certifies that the company Alfred Weigel Federnfabrik GmbH &amp; Co. KG is certified for the production and distribution of<span> <\/span><b><br \/>\n  <strong>precision technical springs made of round and flat material<\/strong><br \/>\n<\/b><span> <\/span>has introduced and applies a quality management system.<\/p>\n<p style=%22font-weight: 400;%22><span style=%22font-weight: inherit; font-style: inherit;%22>This certificate is valid from 12\/06\/2019 to 11\/06\/2022.<\/span><\/p>\n<ul style=%22font-weight: 400;%22>\n<li style=%22font-weight: inherit; font-style: inherit;%22><a href=%22\/wp-content\/uploads\/2022\/02\/Zertifikat_de.pdf%22 style=%22font-weight: inherit; font-style: inherit;%22 data-et-target-link=%22_blank%22 rel=%22noopener%22>T\u00dcV Certificate DIN EN ISO 9001-2015 (DE) &gt;&gt;<\/a><\/li>\n<li style=%22font-weight: inherit; font-style: inherit;%22><a href=%22\/wp-content\/uploads\/2022\/02\/Zertifikat_de.pdf%22 style=%22font-weight: inherit; font-style: inherit;%22 data-et-target-link=%22_blank%22 rel=%22noopener%22>T\u00dcV Certificat DIN EN ISO 9001-2015 (EN) &gt;&gt;<\/a><\/li>\n<\/ul>\n<p>&#8221; content_phone=&#8221;<\/p>\n<h1 style=%22font-weight: inherit;%22>ISO 9001:2015: Quality management system<\/h1>\n<p style=%22font-weight: 400;%22>The certification body of T\u00dcV S\u00dcD Management Service GmbH certifies that the company Alfred Weigel Federnfabrik GmbH &amp; Co. KG is certified for the production and distribution of<span> <\/span><b><br \/>\n  <strong>precision technical springs made of round and flat material<\/strong><br \/>\n<\/b><span> <\/span>has introduced and applies a quality management system.<\/p>\n<p style=%22font-weight: 400;%22><span style=%22font-weight: inherit; font-style: inherit;%22>This certificate is valid from 12\/06\/2019 to 11\/06\/2022.<\/span><\/p>\n<ul style=%22font-weight: 400;%22>\n<li style=%22font-weight: inherit; font-style: inherit;%22><a href=%22\/wp-content\/uploads\/2022\/02\/Zertifikat_de.pdf%22 style=%22font-weight: inherit; font-style: inherit;%22 data-et-target-link=%22_blank%22 rel=%22noopener%22>T\u00dcV Certificate DIN EN ISO 9001-2015 (DE) &gt;&gt;<\/a><\/li>\n<li style=%22font-weight: inherit; font-style: inherit;%22><a href=%22\/wp-content\/uploads\/2022\/02\/Zertifikat_de.pdf%22 style=%22font-weight: inherit; font-style: inherit;%22 data-et-target-link=%22_blank%22 rel=%22noopener%22>T\u00dcV Certificat DIN EN ISO 9001-2015 (EN) &gt;&gt;<\/a><\/li>\n<\/ul>\n<p>&#8221; content_last_edited=&#8221;on|phone&#8221; _builder_version=&#8221;4.27.4&#8243; _module_preset=&#8221;default&#8221; ul_line_height=&#8221;1.7em&#8221; global_colors_info=&#8221;{}&#8221;]<\/p>\n<h2 style=\"font-weight: inherit;\">ISO 9001:2015: Qualit\u00e4tsmanagementsystem<\/h2>\n<p style=\"font-weight: 400;\">Die Zertifizierungsstelle der T\u00dcV S\u00dcD Management Service GmbH bescheinigt, dass das Unternehmen Alfred Weigel Federnfabrik GmbH &amp; Co. KG f\u00fcr die Herstellung und den Vertrieb von<span>\u00a0<\/span><b><strong>technischen Pr\u00e4zisionsfedern aus Rund- und Flachmaterial<\/strong><\/b><span>\u00a0<\/span>ein Qualit\u00e4tsmanagementsystem eingef\u00fchrt hat und anwendet.<\/p>\n<p style=\"font-weight: 400;\"><span style=\"font-weight: inherit; font-style: inherit;\">Dieses Zertifikat ist g\u00fcltig vom 12.06.2025 bis 11.06.2028.<\/span><\/p>\n<p style=\"font-weight: 400;\"><span style=\"font-weight: inherit; font-style: inherit;\"><\/span><\/p>\n<ul style=\"font-weight: 400;\">\n<li style=\"font-weight: inherit; font-style: inherit;\"><a href=\"https:\/\/www.federn-weigel.de\/wp-content\/uploads\/2025\/07\/TUeV-Zertifikat-DIN-EN-ISO-9001-2015-DE.pdf\" rel=\"attachment wp-att-2154\">T\u00dcV-Zertifikat DIN EN ISO 9001-2015 (DE)<\/a><\/li>\n<li style=\"font-weight: inherit; font-style: inherit;\"><a href=\"https:\/\/www.federn-weigel.de\/wp-content\/uploads\/2025\/07\/TUeV-Certificat-DIN-EN-ISO-9001-2015-EN.pdf\" rel=\"attachment wp-att-2156\">T\u00dcV-Certificat DIN EN ISO 9001-2015 (EN)<\/a><\/li>\n<\/ul>\n<p>[\/et_pb_text][\/et_pb_column][\/et_pb_row][\/et_pb_section]<\/p>\n","protected":false},"excerpt":{"rendered":"<p>Certified spring manufacturer Quality and environmental protection are a strong focus in spring production at the Alfred Weigel Federnfabrik. The third value, spring production according to your individual specifications and wishes, cannot be proven with a certificate. Ask us if you need a special technical spring. Our experienced team develops individual technical springs with you [&hellip;]<\/p>\n","protected":false},"author":1,"featured_media":1726,"comment_status":"open","ping_status":"closed","template":"","meta":{"_et_pb_use_builder":"on","_et_pb_old_content":"","_et_gb_content_width":"","footnotes":""},"project_category":[20],"project_tag":[],"class_list":["post-1912","project","type-project","status-publish","has-post-thumbnail","hentry","project_category-company"],"_links":{"self":[{"href":"https:\/\/www.federn-weigel.de\/en\/wp-json\/wp\/v2\/project\/1912","targetHints":{"allow":["GET"]}}],"collection":[{"href":"https:\/\/www.federn-weigel.de\/en\/wp-json\/wp\/v2\/project"}],"about":[{"href":"https:\/\/www.federn-weigel.de\/en\/wp-json\/wp\/v2\/types\/project"}],"author":[{"embeddable":true,"href":"https:\/\/www.federn-weigel.de\/en\/wp-json\/wp\/v2\/users\/1"}],"replies":[{"embeddable":true,"href":"https:\/\/www.federn-weigel.de\/en\/wp-json\/wp\/v2\/comments?post=1912"}],"version-history":[{"count":4,"href":"https:\/\/www.federn-weigel.de\/en\/wp-json\/wp\/v2\/project\/1912\/revisions"}],"predecessor-version":[{"id":2500,"href":"https:\/\/www.federn-weigel.de\/en\/wp-json\/wp\/v2\/project\/1912\/revisions\/2500"}],"wp:featuredmedia":[{"embeddable":true,"href":"https:\/\/www.federn-weigel.de\/en\/wp-json\/wp\/v2\/media\/1726"}],"wp:attachment":[{"href":"https:\/\/www.federn-weigel.de\/en\/wp-json\/wp\/v2\/media?parent=1912"}],"wp:term":[{"taxonomy":"project_category","embeddable":true,"href":"https:\/\/www.federn-weigel.de\/en\/wp-json\/wp\/v2\/project_category?post=1912"},{"taxonomy":"project_tag","embeddable":true,"href":"https:\/\/www.federn-weigel.de\/en\/wp-json\/wp\/v2\/project_tag?post=1912"}],"curies":[{"name":"wp","href":"https:\/\/api.w.org\/{rel}","templated":true}]}}